{"id":108,"date":"2016-11-14T23:27:07","date_gmt":"2016-11-14T23:27:07","guid":{"rendered":"http:\/\/amlabogados.com\/?page_id=108"},"modified":"2016-11-23T13:41:00","modified_gmt":"2016-11-23T13:41:00","slug":"property-management","status":"publish","type":"page","link":"https:\/\/amlabogados.com\/ca\/areas-de-trabajo\/property-management\/","title":{"rendered":"Gesti\u00f3 Comunitats"},"content":{"rendered":"<p><\/p>\n<div class=\"servicio-detalle\">\n<div class=\"servicio-detalle__texto medium-6 left\" data-equalizer-watch=\"\">\n<h4 style=\"text-align: right;\"><a href=\"http:\/\/amlabogados.com\/?page_id=144\">OFICINA ONLINE &#8211; CLIENTS<\/a><\/h4>\n<\/div>\n<\/div>\n<div class=\"servicio-detalle\">\n<div class=\"servicio-detalle__texto medium-6 left\" data-equalizer-watch=\"\">\n<div class=\"servicio-detalle\">\n<div class=\"servicio-detalle__texto medium-6 left\" data-equalizer-watch=\"\">\n<h4 style=\"text-align: right;\"><img loading=\"lazy\" decoding=\"async\" class=\"alignright wp-image-140\" src=\"http:\/\/amlabogados.com\/wp-content\/uploads\/2016\/11\/Edificios_AML_Abogados.png\" alt=\"edificios_aml_abogados\" width=\"338\" height=\"242\" srcset=\"https:\/\/amlabogados.com\/wp-content\/uploads\/2016\/11\/Edificios_AML_Abogados.png 713w, https:\/\/amlabogados.com\/wp-content\/uploads\/2016\/11\/Edificios_AML_Abogados-300x215.png 300w\" sizes=\"auto, (max-width: 338px) 100vw, 338px\" \/><\/h4>\n<h4 style=\"text-align: center;\"><span style=\"text-decoration: underline;\">Especialistes en la gesti\u00f3 de la seva comunitat<\/span><\/h4>\n<p><strong>Gesti\u00f3 T\u00e8cnica<\/strong><\/p>\n<\/div>\n<div class=\"servicio-detalle__texto medium-6 left\" data-equalizer-watch=\"\">\n<ul>\n<li>Control del bon funcionament de les instal\u00b7lacions i serveis de la finca.<\/li>\n<li>Contractaci\u00f3, control i coordinaci\u00f3 amb industrials.<\/li>\n<li>Gesti\u00f3 de les incid\u00e8ncies derivades de la comunitat.<\/li>\n<li>Servei d\u2019assegurances. Gesti\u00f3 i estudi d\u2019assegurances comunitaries.<\/li>\n<li>Assessorament i tramitaci\u00f3 d\u2019inspeccions peri\u00f2diques segons normativa.<\/li>\n<\/ul>\n<\/div>\n<\/div>\n<div class=\"servicio-detalle\">\n<div class=\"servicio-detalle__img medium-6 left hide-for-small-only\" data-equalizer-watch=\"\"><\/div>\n<div class=\"servicio-detalle__texto medium-6 left\" data-equalizer-watch=\"\">\n<h4>Gesti\u00f3 Administraci\u00f3<\/h4>\n<ul>\n<li>Constituci\u00f3 de la comunitat.<\/li>\n<li>Actuaci\u00f3 com a secretari de la comunitat.<\/li>\n<li>Formalitzaci\u00f3 i enviament de les convocat\u00f2ries de les juntes.<\/li>\n<li>Redacci\u00f3 i lliurament d\u2019actes.<\/li>\n<li>Assist\u00e8ncia a juntes.<\/li>\n<li>Assessorament legal i supervisi\u00f3 en tot el relatiu al que regula la llei de la Propietat Horitzontal de Catalunya.<\/li>\n<\/ul>\n<\/div>\n<\/div>\n<div class=\"servicio-detalle\">\n<div class=\"servicio-detalle__img medium-6 left hide-for-small-only\" data-equalizer-watch=\"\"><\/div>\n<div class=\"servicio-detalle__texto medium-6 left\" data-equalizer-watch=\"\">\n<h4>Gesti\u00f3 Jur\u00eddica<\/h4>\n<ul>\n<li>Departament jur\u00eddic propi.<\/li>\n<li>Control i reclamaci\u00f3 extrajudicial d\u2019impagaments de rebuts i morosos.<\/li>\n<li>Supervisi\u00f3 de processos judicials.<\/li>\n<li>Reclamacions a prove\u00efdors per incompliments contractuals.<\/li>\n<li>Infraccions relatives a la llei de la propietat horitzontal.<\/li>\n<\/ul>\n<\/div>\n<\/div>\n<div class=\"servicio-detalle\">\n<div class=\"servicio-detalle__img medium-6 left hide-for-small-only\" data-equalizer-watch=\"\"><\/div>\n<div class=\"servicio-detalle__texto medium-6 left\" data-equalizer-watch=\"\">\n<h4>Gesti\u00f3 Cobraments i Pagaments<\/h4>\n<ul>\n<li>Confecci\u00f3 de rebuts i cobraments de les quotes ordin\u00e0ries i extraordin\u00e0ries aprovades en junta.<\/li>\n<li>Pagament i seguiment a industrials de les obres o manteniments que tingui la comunitat.<\/li>\n<\/ul>\n<\/div>\n<\/div>\n<div class=\"servicio-detalle\">\n<div class=\"servicio-detalle__img medium-6 left hide-for-small-only\" data-equalizer-watch=\"\"><\/div>\n<div class=\"servicio-detalle__texto medium-6 left\" data-equalizer-watch=\"\">\n<h4>Gesti\u00f3n Comptable<\/h4>\n<ul>\n<li>Comptabilitat dels moviments de la comunitat.<\/li>\n<li>Informaci\u00f3 peri\u00f2dica de la situaci\u00f3 econ\u00f2mica de la comunitat.<\/li>\n<li>Liquidaci\u00f3 anual de despeses i ingressos.<\/li>\n<li>Elaboraci\u00f3 de pressupost anual de previsi\u00f3 de despeses.<\/li>\n<\/ul>\n<\/div>\n<\/div>\n<\/div>\n<\/div>\n<div class=\"servicio-detalle\">\n<div class=\"servicio-detalle__texto medium-6 left\" data-equalizer-watch=\"\">\n<p>&nbsp;<\/p>\n<p style=\"text-align: center;\"><a href=\"http:\/\/amlabogados.com\/?page_id=63\"><strong>Rebi un pressupost per a la seva comunitat sense comprom\u00eds<\/strong><\/a><\/p>\n<p style=\"text-align: center;\">Treballem en tota l&#8217;\u00e0rea metropolitana de Barcelona<\/p>\n<\/div>\n<\/div>\n<p><\/p>","protected":false},"excerpt":{"rendered":"<p>OFICINA ONLINE &#8211; CLIENTS Especialistes en la gesti\u00f3 de la seva comunitat Gesti\u00f3 T\u00e8cnica Control del bon funcionament de les instal\u00b7lacions i serveis de la finca. Contractaci\u00f3, control i coordinaci\u00f3 amb industrials. Gesti\u00f3 de les incid\u00e8ncies derivades de la comunitat. Servei d\u2019assegurances. Gesti\u00f3 i estudi d\u2019assegurances comunitaries. Assessorament i tramitaci\u00f3 d\u2019inspeccions peri\u00f2diques segons normativa. Gesti\u00f3 &#8230; <a title=\"Gesti\u00f3 Comunitats\" class=\"read-more\" href=\"https:\/\/amlabogados.com\/ca\/areas-de-trabajo\/property-management\/\" aria-label=\"M\u00e9s informaci\u00f3 sobre Gesti\u00f3 Comunitats\">Llegiu m\u00e9s<\/a><\/p>\n","protected":false},"author":1,"featured_media":0,"parent":13,"menu_order":3,"comment_status":"closed","ping_status":"closed","template":"","meta":{"footnotes":""},"class_list":["post-108","page","type-page","status-publish"],"yoast_head":"<!-- This site is optimized with the Yoast SEO plugin v26.5 - https:\/\/yoast.com\/wordpress\/plugins\/seo\/ -->\n<title>Gesti\u00f3 Comunitats - Especialistes en la gesti\u00f3 de la seva finca.<\/title>\n<meta name=\"description\" content=\"Control del bon funcionament de les instal\u00b7lacions i serveis de la finca. Gesti\u00f3 de les incid\u00e8ncies derivades de la comunitat.\" \/>\n<meta name=\"robots\" content=\"index, follow, max-snippet:-1, max-image-preview:large, max-video-preview:-1\" \/>\n<link rel=\"canonical\" href=\"https:\/\/amlabogados.com\/ca\/areas-de-trabajo\/property-management\/\" \/>\n<meta property=\"og:locale\" content=\"ca_ES\" \/>\n<meta property=\"og:type\" content=\"article\" \/>\n<meta property=\"og:title\" content=\"Gesti\u00f3 Comunitats - Especialistes en la gesti\u00f3 de la seva finca.\" \/>\n<meta property=\"og:description\" content=\"Control del bon funcionament de les instal\u00b7lacions i serveis de la finca. Gesti\u00f3 de les incid\u00e8ncies derivades de la comunitat.\" \/>\n<meta property=\"og:url\" content=\"https:\/\/amlabogados.com\/ca\/areas-de-trabajo\/property-management\/\" \/>\n<meta property=\"og:site_name\" content=\"AML Abogados - Law Office Barcelona\" \/>\n<meta property=\"article:modified_time\" content=\"2016-11-23T13:41:00+00:00\" \/>\n<meta property=\"og:image\" content=\"http:\/\/amlabogados.com\/wp-content\/uploads\/2016\/11\/Edificios_AML_Abogados.png\" \/>\n<meta name=\"twitter:label1\" content=\"Temps estimat de lectura\" \/>\n\t<meta name=\"twitter:data1\" content=\"3 minuts\" \/>\n<script type=\"application\/ld+json\" class=\"yoast-schema-graph\">{\"@context\":\"https:\/\/schema.org\",\"@graph\":[{\"@type\":\"WebPage\",\"@id\":\"https:\/\/amlabogados.com\/ca\/areas-de-trabajo\/property-management\/\",\"url\":\"https:\/\/amlabogados.com\/ca\/areas-de-trabajo\/property-management\/\",\"name\":\"Gesti\u00f3 Comunitats - Especialistes en la gesti\u00f3 de la seva finca.\",\"isPartOf\":{\"@id\":\"https:\/\/amlabogados.com\/ca\/#website\"},\"primaryImageOfPage\":{\"@id\":\"https:\/\/amlabogados.com\/ca\/areas-de-trabajo\/property-management\/#primaryimage\"},\"image\":{\"@id\":\"https:\/\/amlabogados.com\/areas-de-trabajo\/property-management\/#primaryimage\"},\"thumbnailUrl\":\"http:\/\/amlabogados.com\/wp-content\/uploads\/2016\/11\/Edificios_AML_Abogados.png\",\"datePublished\":\"2016-11-14T23:27:07+00:00\",\"dateModified\":\"2016-11-23T13:41:00+00:00\",\"description\":\"Control del bon funcionament de les instal\u00b7lacions i serveis de la finca. Gesti\u00f3 de les incid\u00e8ncies derivades de la comunitat.\",\"breadcrumb\":{\"@id\":\"https:\/\/amlabogados.com\/ca\/areas-de-trabajo\/property-management\/#breadcrumb\"},\"inLanguage\":\"ca\",\"potentialAction\":[{\"@type\":\"ReadAction\",\"target\":[[\"https:\/\/amlabogados.com\/ca\/areas-de-trabajo\/property-management\/\"]]}]},{\"@type\":\"ImageObject\",\"inLanguage\":\"ca\",\"@id\":\"https:\/\/amlabogados.com\/ca\/areas-de-trabajo\/property-management\/#primaryimage\",\"url\":\"http:\/\/amlabogados.com\/wp-content\/uploads\/2016\/11\/Edificios_AML_Abogados.png\",\"contentUrl\":\"http:\/\/amlabogados.com\/wp-content\/uploads\/2016\/11\/Edificios_AML_Abogados.png\"},{\"@type\":\"BreadcrumbList\",\"@id\":\"https:\/\/amlabogados.com\/ca\/areas-de-trabajo\/property-management\/#breadcrumb\",\"itemListElement\":[{\"@type\":\"ListItem\",\"position\":1,\"name\":\"Portada\",\"item\":\"https:\/\/amlabogados.com\/ca\/\"},{\"@type\":\"ListItem\",\"position\":2,\"name\":\"\u00c1reas de trabajo\",\"item\":\"https:\/\/amlabogados.com\/ca\/areas-de-trabajo\/\"},{\"@type\":\"ListItem\",\"position\":3,\"name\":\"Gesti\u00f3n Comunidades\"}]},{\"@type\":\"WebSite\",\"@id\":\"https:\/\/amlabogados.com\/ca\/#website\",\"url\":\"https:\/\/amlabogados.com\/ca\/\",\"name\":\"AML Abogados - Law Office Barcelona\",\"description\":\"&lt;!\u2013Despacho multidisciplinar de abogados\u2013&gt;\",\"publisher\":{\"@id\":\"https:\/\/amlabogados.com\/ca\/#organization\"},\"potentialAction\":[{\"@type\":\"SearchAction\",\"target\":{\"@type\":\"EntryPoint\",\"urlTemplate\":\"https:\/\/amlabogados.com\/ca\/?s={search_term_string}\"},\"query-input\":{\"@type\":\"PropertyValueSpecification\",\"valueRequired\":true,\"valueName\":\"search_term_string\"}}],\"inLanguage\":\"ca\"},{\"@type\":\"Organization\",\"@id\":\"https:\/\/amlabogados.com\/ca\/#organization\",\"name\":\"AML Abogados - Law Office Barcelona\",\"url\":\"https:\/\/amlabogados.com\/ca\/\",\"logo\":{\"@type\":\"ImageObject\",\"inLanguage\":\"ca\",\"@id\":\"https:\/\/amlabogados.com\/ca\/#\/schema\/logo\/image\/\",\"url\":\"https:\/\/amlabogados.com\/wp-content\/uploads\/2017\/12\/cropped-largo.jpg\",\"contentUrl\":\"https:\/\/amlabogados.com\/wp-content\/uploads\/2017\/12\/cropped-largo.jpg\",\"width\":500,\"height\":112,\"caption\":\"AML Abogados - Law Office Barcelona\"},\"image\":{\"@id\":\"https:\/\/amlabogados.com\/ca\/#\/schema\/logo\/image\/\"}}]}<\/script>\n<!-- \/ Yoast SEO plugin. -->","yoast_head_json":{"title":"Gesti\u00f3 Comunitats - Especialistes en la gesti\u00f3 de la seva finca.","description":"Control del bon funcionament de les instal\u00b7lacions i serveis de la finca. Gesti\u00f3 de les incid\u00e8ncies derivades de la comunitat.","robots":{"index":"index","follow":"follow","max-snippet":"max-snippet:-1","max-image-preview":"max-image-preview:large","max-video-preview":"max-video-preview:-1"},"canonical":"https:\/\/amlabogados.com\/ca\/areas-de-trabajo\/property-management\/","og_locale":"ca_ES","og_type":"article","og_title":"Gesti\u00f3 Comunitats - Especialistes en la gesti\u00f3 de la seva finca.","og_description":"Control del bon funcionament de les instal\u00b7lacions i serveis de la finca. Gesti\u00f3 de les incid\u00e8ncies derivades de la comunitat.","og_url":"https:\/\/amlabogados.com\/ca\/areas-de-trabajo\/property-management\/","og_site_name":"AML Abogados - Law Office Barcelona","article_modified_time":"2016-11-23T13:41:00+00:00","og_image":[{"url":"http:\/\/amlabogados.com\/wp-content\/uploads\/2016\/11\/Edificios_AML_Abogados.png","type":"","width":"","height":""}],"twitter_misc":{"Temps estimat de lectura":"3 minuts"},"schema":{"@context":"https:\/\/schema.org","@graph":[{"@type":"WebPage","@id":"https:\/\/amlabogados.com\/ca\/areas-de-trabajo\/property-management\/","url":"https:\/\/amlabogados.com\/ca\/areas-de-trabajo\/property-management\/","name":"Gesti\u00f3 Comunitats - Especialistes en la gesti\u00f3 de la seva finca.","isPartOf":{"@id":"https:\/\/amlabogados.com\/ca\/#website"},"primaryImageOfPage":{"@id":"https:\/\/amlabogados.com\/ca\/areas-de-trabajo\/property-management\/#primaryimage"},"image":{"@id":"https:\/\/amlabogados.com\/areas-de-trabajo\/property-management\/#primaryimage"},"thumbnailUrl":"http:\/\/amlabogados.com\/wp-content\/uploads\/2016\/11\/Edificios_AML_Abogados.png","datePublished":"2016-11-14T23:27:07+00:00","dateModified":"2016-11-23T13:41:00+00:00","description":"Control del bon funcionament de les instal\u00b7lacions i serveis de la finca. Gesti\u00f3 de les incid\u00e8ncies derivades de la comunitat.","breadcrumb":{"@id":"https:\/\/amlabogados.com\/ca\/areas-de-trabajo\/property-management\/#breadcrumb"},"inLanguage":"ca","potentialAction":[{"@type":"ReadAction","target":[["https:\/\/amlabogados.com\/ca\/areas-de-trabajo\/property-management\/"]]}]},{"@type":"ImageObject","inLanguage":"ca","@id":"https:\/\/amlabogados.com\/ca\/areas-de-trabajo\/property-management\/#primaryimage","url":"http:\/\/amlabogados.com\/wp-content\/uploads\/2016\/11\/Edificios_AML_Abogados.png","contentUrl":"http:\/\/amlabogados.com\/wp-content\/uploads\/2016\/11\/Edificios_AML_Abogados.png"},{"@type":"BreadcrumbList","@id":"https:\/\/amlabogados.com\/ca\/areas-de-trabajo\/property-management\/#breadcrumb","itemListElement":[{"@type":"ListItem","position":1,"name":"Portada","item":"https:\/\/amlabogados.com\/ca\/"},{"@type":"ListItem","position":2,"name":"\u00c1reas de trabajo","item":"https:\/\/amlabogados.com\/ca\/areas-de-trabajo\/"},{"@type":"ListItem","position":3,"name":"Gesti\u00f3n Comunidades"}]},{"@type":"WebSite","@id":"https:\/\/amlabogados.com\/ca\/#website","url":"https:\/\/amlabogados.com\/ca\/","name":"AML Abogados - Law Office Barcelona","description":"&lt;!\u2013Despacho multidisciplinar de abogados\u2013&gt;","publisher":{"@id":"https:\/\/amlabogados.com\/ca\/#organization"},"potentialAction":[{"@type":"SearchAction","target":{"@type":"EntryPoint","urlTemplate":"https:\/\/amlabogados.com\/ca\/?s={search_term_string}"},"query-input":{"@type":"PropertyValueSpecification","valueRequired":true,"valueName":"search_term_string"}}],"inLanguage":"ca"},{"@type":"Organization","@id":"https:\/\/amlabogados.com\/ca\/#organization","name":"AML Abogados - Law Office Barcelona","url":"https:\/\/amlabogados.com\/ca\/","logo":{"@type":"ImageObject","inLanguage":"ca","@id":"https:\/\/amlabogados.com\/ca\/#\/schema\/logo\/image\/","url":"https:\/\/amlabogados.com\/wp-content\/uploads\/2017\/12\/cropped-largo.jpg","contentUrl":"https:\/\/amlabogados.com\/wp-content\/uploads\/2017\/12\/cropped-largo.jpg","width":500,"height":112,"caption":"AML Abogados - Law Office Barcelona"},"image":{"@id":"https:\/\/amlabogados.com\/ca\/#\/schema\/logo\/image\/"}}]}},"_links":{"self":[{"href":"https:\/\/amlabogados.com\/ca\/wp-json\/wp\/v2\/pages\/108","targetHints":{"allow":["GET"]}}],"collection":[{"href":"https:\/\/amlabogados.com\/ca\/wp-json\/wp\/v2\/pages"}],"about":[{"href":"https:\/\/amlabogados.com\/ca\/wp-json\/wp\/v2\/types\/page"}],"author":[{"embeddable":true,"href":"https:\/\/amlabogados.com\/ca\/wp-json\/wp\/v2\/users\/1"}],"replies":[{"embeddable":true,"href":"https:\/\/amlabogados.com\/ca\/wp-json\/wp\/v2\/comments?post=108"}],"version-history":[{"count":23,"href":"https:\/\/amlabogados.com\/ca\/wp-json\/wp\/v2\/pages\/108\/revisions"}],"predecessor-version":[{"id":252,"href":"https:\/\/amlabogados.com\/ca\/wp-json\/wp\/v2\/pages\/108\/revisions\/252"}],"up":[{"embeddable":true,"href":"https:\/\/amlabogados.com\/ca\/wp-json\/wp\/v2\/pages\/13"}],"wp:attachment":[{"href":"https:\/\/amlabogados.com\/ca\/wp-json\/wp\/v2\/media?parent=108"}],"curies":[{"name":"wp","href":"https:\/\/api.w.org\/{rel}","templated":true}]}}